{"id":4960,"date":"2022-08-08T12:18:25","date_gmt":"2022-08-08T10:18:25","guid":{"rendered":"https:\/\/cjb-racing.de\/?page_id=4960"},"modified":"2026-04-26T18:22:38","modified_gmt":"2026-04-26T16:22:38","slug":"porsche-sprint-challenge-central-europe","status":"publish","type":"page","link":"https:\/\/cjb-racing.de\/en\/porsche-sprint-challenge-central-europe\/","title":{"rendered":"SPORT"},"content":{"rendered":"<p>[vc_row row_content_width=&#8221;grid&#8221; disable_background_image=&#8221;1024&#8243; vertical_lines=&#8221;yes&#8221; animated_text_position=&#8221;right&#8221; disable_animated_text=&#8221;&#8221; animated_text=&#8221;racing&#8221; animated_text_color=&#8221;#f5f5f5&#8243; css=&#8221;.vc_custom_1592411408192{padding-bottom: 125px !important;}&#8221;][vc_column css=&#8221;.vc_custom_1569240237669{padding-top: 0px !important;padding-bottom: 5px !important;}&#8221;][vc_column_text]<\/p>\n<h2>ADAC GT MASTERS \u2022 <a href=\"https:\/\/www.adac-motorsport.de\/adac-gt-masters\" target=\"_blank\" rel=\"noopener\">ADAC-MOTORSPORT.DE<\/a><\/h2>\n<p><a href=\"https:\/\/www.adac-motorsport.de\/adac-gt-masters\" target=\"_blank\" rel=\"noopener\"><img loading=\"lazy\" decoding=\"async\" class=\"alignnone wp-image-8153\" src=\"https:\/\/cjb-racing.de\/wp-content\/uploads\/2025\/08\/ADAC_GT_Masters_Logo_2020.png\" alt=\"\" width=\"459\" height=\"80\" srcset=\"https:\/\/cjb-racing.de\/wp-content\/uploads\/2025\/08\/ADAC_GT_Masters_Logo_2020.png 689w, https:\/\/cjb-racing.de\/wp-content\/uploads\/2025\/08\/ADAC_GT_Masters_Logo_2020-300x52.png 300w\" sizes=\"auto, (max-width: 459px) 100vw, 459px\" \/><\/a><\/p>\n<div id=\"attachment_8151\" style=\"width: 1610px\" class=\"wp-caption alignnone\"><img loading=\"lazy\" decoding=\"async\" aria-describedby=\"caption-attachment-8151\" class=\"wp-image-8151 size-full\" src=\"https:\/\/cjb-racing.de\/wp-content\/uploads\/2025\/08\/ADAC-GT-MASTERS.webp\" alt=\"\" width=\"1600\" height=\"1067\" srcset=\"https:\/\/cjb-racing.de\/wp-content\/uploads\/2025\/08\/ADAC-GT-MASTERS.webp 1600w, https:\/\/cjb-racing.de\/wp-content\/uploads\/2025\/08\/ADAC-GT-MASTERS-300x200.webp 300w, https:\/\/cjb-racing.de\/wp-content\/uploads\/2025\/08\/ADAC-GT-MASTERS-1024x683.webp 1024w, https:\/\/cjb-racing.de\/wp-content\/uploads\/2025\/08\/ADAC-GT-MASTERS-768x512.webp 768w, https:\/\/cjb-racing.de\/wp-content\/uploads\/2025\/08\/ADAC-GT-MASTERS-1536x1024.webp 1536w\" sizes=\"auto, (max-width: 1600px) 100vw, 1600px\" \/><p id=\"caption-attachment-8151\" class=\"wp-caption-text\">Picture\u00a9 ADAC<\/p><\/div>\n<p>&nbsp;[\/vc_column_text][\/vc_column][\/vc_row][vc_row row_content_width=&#8221;grid&#8221; disable_background_image=&#8221;1024&#8243; vertical_lines=&#8221;yes&#8221; animated_text_position=&#8221;right&#8221; disable_animated_text=&#8221;&#8221; animated_text=&#8221;racing&#8221; animated_text_color=&#8221;#f5f5f5&#8243; css=&#8221;.vc_custom_1592392406042{margin-top: -80px !important;padding-bottom: 125px !important;}&#8221;][vc_column css=&#8221;.vc_custom_1569240237669{padding-top: 0px !important;padding-bottom: 5px !important;}&#8221;][vc_column_text]<\/p>\n<h2>The ADAC GT Masters<\/h2>\n<p>The driver line-up in the ADAC GT Masters consists of up-and-coming young talents and ambitious amateurs. Two drivers share each car, with at least one driver per car required to hold Silver or Bronze driver status.[\/vc_column_text][vc_row_inner row_content_width=&#8221;grid&#8221;][vc_column_inner width=&#8221;1\/2&#8243; css=&#8221;.vc_custom_1567499344778{padding-top: 0px !important;padding-bottom: 0px !important;}&#8221;][vc_column_text]<\/p>\n<h2>Fascination on four wheels<\/h2>\n<p>There are two different race formats. Sprint races last 60 minutes and include a mandatory pit stop between the 25th and 35th minutes of the race, including a driver change. Endurance races last 80 minutes and require two pit stops. The stops take place between the 15th and 25th minutes and between the 55th and 65th minutes of the race. In the endurance events, there are two driver changes; new tyres must be fitted once, and refuelling is always permitted.[\/vc_column_text][\/vc_column_inner][vc_column_inner width=&#8221;1\/2&#8243;][vc_column_text]<img loading=\"lazy\" decoding=\"async\" class=\"alignnone size-full wp-image-8156\" src=\"https:\/\/cjb-racing.de\/wp-content\/uploads\/2025\/08\/6_1_vjisjr.webp\" alt=\"\" width=\"1600\" height=\"1067\" srcset=\"https:\/\/cjb-racing.de\/wp-content\/uploads\/2025\/08\/6_1_vjisjr.webp 1600w, https:\/\/cjb-racing.de\/wp-content\/uploads\/2025\/08\/6_1_vjisjr-300x200.webp 300w, https:\/\/cjb-racing.de\/wp-content\/uploads\/2025\/08\/6_1_vjisjr-1024x683.webp 1024w, https:\/\/cjb-racing.de\/wp-content\/uploads\/2025\/08\/6_1_vjisjr-768x512.webp 768w, https:\/\/cjb-racing.de\/wp-content\/uploads\/2025\/08\/6_1_vjisjr-1536x1024.webp 1536w\" sizes=\"auto, (max-width: 1600px) 100vw, 1600px\" \/>[\/vc_column_text][\/vc_column_inner][\/vc_row_inner][vc_row_inner row_content_width=&#8221;grid&#8221;][vc_column_inner width=&#8221;1\/2&#8243; css=&#8221;.vc_custom_1567499344778{padding-top: 0px !important;padding-bottom: 0px !important;}&#8221;][vc_column_text]<img loading=\"lazy\" decoding=\"async\" class=\"alignnone size-full wp-image-8158\" src=\"https:\/\/cjb-racing.de\/wp-content\/uploads\/2025\/08\/250712-gtm-6_ddvtks.webp\" alt=\"\" width=\"1920\" height=\"1280\" srcset=\"https:\/\/cjb-racing.de\/wp-content\/uploads\/2025\/08\/250712-gtm-6_ddvtks.webp 1920w, https:\/\/cjb-racing.de\/wp-content\/uploads\/2025\/08\/250712-gtm-6_ddvtks-300x200.webp 300w, https:\/\/cjb-racing.de\/wp-content\/uploads\/2025\/08\/250712-gtm-6_ddvtks-1024x683.webp 1024w, https:\/\/cjb-racing.de\/wp-content\/uploads\/2025\/08\/250712-gtm-6_ddvtks-768x512.webp 768w, https:\/\/cjb-racing.de\/wp-content\/uploads\/2025\/08\/250712-gtm-6_ddvtks-1536x1024.webp 1536w\" sizes=\"auto, (max-width: 1920px) 100vw, 1920px\" \/>[\/vc_column_text][\/vc_column_inner][vc_column_inner width=&#8221;1\/2&#8243;][vc_column_text]<\/p>\n<h2>OVER 550 HP<\/h2>\n<p>The supercars from premium manufacturers Audi, BMW, Ford, Lamborghini, Mercedes-AMG and Porsche, each boasting over 550 hp, will compete on standard tyres supplied by exclusive partner and Formula 1 supplier Pirelli.<\/p>\n<p>TV partner SPORT1 will broadcast selected races live on free-to-air television. All ADAC GT Masters races are available live and on demand via free streaming at <a href=\"https:\/\/www.sport1.de\/\">sport1.de<\/a>, <a href=\"https:\/\/www.joyn.de\/\">Joyn<\/a>, <a href=\"https:\/\/www.servustv.com\/\">ServusTV ON<\/a>, and in German and English at <a href=\"https:\/\/www.youtube.com\/ADACMotorsports\">youtube.com\/ADACMotorsports<\/a>. The qualifying sessions can also be watched live on the ADAC\u2019s YouTube channel.<\/p>\n<p>&nbsp;<\/p>\n<p><a href=\"https:\/\/www.adac-motorsport.de\/adac-gt-masters\/\" target=\"_blank\" rel=\"noopener\"><img loading=\"lazy\" decoding=\"async\" class=\"alignnone wp-image-8153\" src=\"https:\/\/cjb-racing.de\/wp-content\/uploads\/2025\/08\/ADAC_GT_Masters_Logo_2020.png\" alt=\"\" width=\"430\" height=\"75\" srcset=\"https:\/\/cjb-racing.de\/wp-content\/uploads\/2025\/08\/ADAC_GT_Masters_Logo_2020.png 689w, https:\/\/cjb-racing.de\/wp-content\/uploads\/2025\/08\/ADAC_GT_Masters_Logo_2020-300x52.png 300w\" sizes=\"auto, (max-width: 430px) 100vw, 430px\" \/><\/a><br \/>\n<strong>WEBSITE: <a href=\"https:\/\/www.adac-motorsport.de\/adac-gt-masters\/\" target=\"_blank\" rel=\"noopener\">www.adac-motorsport.de<\/a><\/strong>[\/vc_column_text][\/vc_column_inner][\/vc_row_inner][\/vc_column][\/vc_row][vc_row disable_element=&#8221;yes&#8221; row_content_width=&#8221;grid&#8221; disable_background_image=&#8221;1024&#8243; vertical_lines=&#8221;yes&#8221; animated_text_position=&#8221;right&#8221; disable_animated_text=&#8221;&#8221; animated_text=&#8221;racing&#8221; animated_text_color=&#8221;#f5f5f5&#8243; css=&#8221;.vc_custom_1775116158332{padding-bottom: 125px !important;}&#8221;][vc_column css=&#8221;.vc_custom_1569240237669{padding-top: 0px !important;padding-bottom: 5px !important;}&#8221;][vc_column_text]<\/p>\n<h2>POWERED BY PORSCHE MOTORSPORT<\/h2>\n<h2><a href=\"https:\/\/992-endurance-cup.com\/\" target=\"_blank\" rel=\"noopener noreferrer\">992-endurance-cup.com<\/a><\/h2>\n<p><a href=\"https:\/\/cjb-racing.de\/wp-content\/uploads\/2025\/07\/992-logo-white.png\"><img loading=\"lazy\" decoding=\"async\" class=\"alignnone wp-image-8126\" src=\"https:\/\/cjb-racing.de\/wp-content\/uploads\/2025\/07\/992-logo-white.png\" alt=\"992 ENDURANCE CUP\" width=\"414\" height=\"143\" srcset=\"https:\/\/cjb-racing.de\/wp-content\/uploads\/2025\/07\/992-logo-white.png 2352w, https:\/\/cjb-racing.de\/wp-content\/uploads\/2025\/07\/992-logo-white-300x104.png 300w, https:\/\/cjb-racing.de\/wp-content\/uploads\/2025\/07\/992-logo-white-1024x354.png 1024w, https:\/\/cjb-racing.de\/wp-content\/uploads\/2025\/07\/992-logo-white-768x265.png 768w, https:\/\/cjb-racing.de\/wp-content\/uploads\/2025\/07\/992-logo-white-1536x531.png 1536w\" sizes=\"auto, (max-width: 414px) 100vw, 414px\" \/><\/a><\/p>\n<p><img loading=\"lazy\" decoding=\"async\" class=\"alignnone size-full wp-image-8161\" src=\"https:\/\/cjb-racing.de\/wp-content\/uploads\/2025\/08\/RP_12H_Porsche_Endurance_Race_kl_0081.webp\" alt=\"\" width=\"1200\" height=\"674\" srcset=\"https:\/\/cjb-racing.de\/wp-content\/uploads\/2025\/08\/RP_12H_Porsche_Endurance_Race_kl_0081.webp 1200w, https:\/\/cjb-racing.de\/wp-content\/uploads\/2025\/08\/RP_12H_Porsche_Endurance_Race_kl_0081-300x169.webp 300w, https:\/\/cjb-racing.de\/wp-content\/uploads\/2025\/08\/RP_12H_Porsche_Endurance_Race_kl_0081-1024x575.webp 1024w, https:\/\/cjb-racing.de\/wp-content\/uploads\/2025\/08\/RP_12H_Porsche_Endurance_Race_kl_0081-768x431.webp 768w\" sizes=\"auto, (max-width: 1200px) 100vw, 1200px\" \/>[\/vc_column_text][\/vc_column][\/vc_row][vc_row disable_element=&#8221;yes&#8221; row_content_width=&#8221;grid&#8221; disable_background_image=&#8221;1024&#8243; vertical_lines=&#8221;yes&#8221; animated_text_position=&#8221;right&#8221; disable_animated_text=&#8221;&#8221; animated_text=&#8221;racing&#8221; animated_text_color=&#8221;#f5f5f5&#8243; css=&#8221;.vc_custom_1775116168936{margin-top: -80px !important;padding-bottom: 125px !important;}&#8221;][vc_column css=&#8221;.vc_custom_1569240237669{padding-top: 0px !important;padding-bottom: 5px !important;}&#8221;][vc_column_text]<\/p>\n<h2 class=\"ce-headline-center\">992 ENDURANCE CUP<\/h2>\n<p>Porsche Motorsport and series organiser Creventic have created a new event for the current 911 GT3 Cup: the Michelin 992 Endurance Cup powered by Porsche Motorsport. The 12-hour race will be run on the 6\/7 September 2024 at the Circuit de Spa-Francorchamps in Belgium. This event is reserved exclusively for customer teams fielding 992-generation 911 GT3 Cup cars. &nbsp;[\/vc_column_text][vc_row_inner row_content_width=&#8221;grid&#8221;][vc_column_inner width=&#8221;1\/2&#8243; css=&#8221;.vc_custom_1567499344778{padding-top: 0px !important;padding-bottom: 0px !important;}&#8221;][vc_column_text]<\/p>\n<h2 class=\"ce-headline-center\">Creventic 12-hour race in Spa exclusively for the latest Porsche 911 GT3 Cup<\/h2>\n<p>Stuttgart. With the Michelin 992 Endurance Cup powered by Porsche Motorsport, Porsche Motorsport and Creventic offer the first endurance race solely for the latest 911 GT3 Cup. The debut of the new event specifically for the 375 kW (510 PS) one-make cup vehicle will be contested at Spa-Francorchamps, Belgium, at the beginning of September. Only participants fielding the 992-generation 911 GT3 Cup model are eligible to compete. Competitors will face a 12-hour race on one of the most demanding circuits in the world: The 7.004-kilometre \u201cArdennes rollercoaster\u201d features 21 corners and several long, full-throttle passages through the forested mountains of Wallonia.[\/vc_column_text][\/vc_column_inner][vc_column_inner width=&#8221;1\/2&#8243;][vc_column_text]<img loading=\"lazy\" decoding=\"async\" class=\"alignnone size-full wp-image-8163\" src=\"https:\/\/cjb-racing.de\/wp-content\/uploads\/2025\/08\/5bf31cca_ea35_40fa_95fc_b70be9b42262.jpg\" alt=\"\" width=\"1600\" height=\"900\" srcset=\"https:\/\/cjb-racing.de\/wp-content\/uploads\/2025\/08\/5bf31cca_ea35_40fa_95fc_b70be9b42262.jpg 1600w, https:\/\/cjb-racing.de\/wp-content\/uploads\/2025\/08\/5bf31cca_ea35_40fa_95fc_b70be9b42262-300x169.jpg 300w, https:\/\/cjb-racing.de\/wp-content\/uploads\/2025\/08\/5bf31cca_ea35_40fa_95fc_b70be9b42262-1024x576.jpg 1024w, https:\/\/cjb-racing.de\/wp-content\/uploads\/2025\/08\/5bf31cca_ea35_40fa_95fc_b70be9b42262-768x432.jpg 768w, https:\/\/cjb-racing.de\/wp-content\/uploads\/2025\/08\/5bf31cca_ea35_40fa_95fc_b70be9b42262-1536x864.jpg 1536w\" sizes=\"auto, (max-width: 1600px) 100vw, 1600px\" \/>[\/vc_column_text][\/vc_column_inner][\/vc_row_inner][vc_row_inner row_content_width=&#8221;grid&#8221;][vc_column_inner width=&#8221;1\/2&#8243; css=&#8221;.vc_custom_1567499344778{padding-top: 0px !important;padding-bottom: 0px !important;}&#8221;][vc_column_text]<img loading=\"lazy\" decoding=\"async\" class=\"alignnone size-full wp-image-8165\" src=\"https:\/\/cjb-racing.de\/wp-content\/uploads\/2025\/08\/96a5614d_adb8_467b_ba4d_c5d178099fd0.jpg\" alt=\"\" width=\"1600\" height=\"900\" srcset=\"https:\/\/cjb-racing.de\/wp-content\/uploads\/2025\/08\/96a5614d_adb8_467b_ba4d_c5d178099fd0.jpg 1600w, https:\/\/cjb-racing.de\/wp-content\/uploads\/2025\/08\/96a5614d_adb8_467b_ba4d_c5d178099fd0-300x169.jpg 300w, https:\/\/cjb-racing.de\/wp-content\/uploads\/2025\/08\/96a5614d_adb8_467b_ba4d_c5d178099fd0-1024x576.jpg 1024w, https:\/\/cjb-racing.de\/wp-content\/uploads\/2025\/08\/96a5614d_adb8_467b_ba4d_c5d178099fd0-768x432.jpg 768w, https:\/\/cjb-racing.de\/wp-content\/uploads\/2025\/08\/96a5614d_adb8_467b_ba4d_c5d178099fd0-1536x864.jpg 1536w\" sizes=\"auto, (max-width: 1600px) 100vw, 1600px\" \/>[\/vc_column_text][\/vc_column_inner][vc_column_inner width=&#8221;1\/2&#8243;][vc_column_text]<\/p>\n<h2 class=\"ce-headline-center\">TECHNICAL FRAMEWORK<\/h2>\n<p>The Creventic organisation provides the sporting regulations for the endurance race. The technical framework is based on the successful one-make cup series that Porsche runs worldwide with the 911 GT3 Cup \u2013 with slight adaptations for long-distance racing. Registered teams fight for victory in the overall ranking as well as in the Pro, Pro\/Am, Am-s and Am-b classes. Michelin is the official tyre partner of the event. The premium manufacturer supplies racing tyres developed exclusively for the Porsche 911 GT3 Cup and also supports customer teams in the paddock at the track.&nbsp;<\/p>\n<p>Mehr Informationen erhalten Sie unter:<\/p>\n<p><a href=\"https:\/\/cjb-racing.de\/wp-content\/uploads\/2025\/07\/992-logo-white.png\"><img loading=\"lazy\" decoding=\"async\" class=\"alignnone wp-image-8126\" src=\"https:\/\/cjb-racing.de\/wp-content\/uploads\/2025\/07\/992-logo-white.png\" alt=\"992 ENDURANCE CUP\" width=\"464\" height=\"160\" srcset=\"https:\/\/cjb-racing.de\/wp-content\/uploads\/2025\/07\/992-logo-white.png 2352w, https:\/\/cjb-racing.de\/wp-content\/uploads\/2025\/07\/992-logo-white-300x104.png 300w, https:\/\/cjb-racing.de\/wp-content\/uploads\/2025\/07\/992-logo-white-1024x354.png 1024w, https:\/\/cjb-racing.de\/wp-content\/uploads\/2025\/07\/992-logo-white-768x265.png 768w, https:\/\/cjb-racing.de\/wp-content\/uploads\/2025\/07\/992-logo-white-1536x531.png 1536w\" sizes=\"auto, (max-width: 464px) 100vw, 464px\" \/><\/a><br \/>\n<strong>INTERNET:<\/strong> <a href=\"https:\/\/992-endurance-cup.com\/\" target=\"_blank\" rel=\"noopener\">992-endurance-cup.com<\/a>[\/vc_column_text][\/vc_column_inner][\/vc_row_inner][\/vc_column][\/vc_row][vc_row disable_element=&#8221;yes&#8221; row_content_width=&#8221;grid&#8221; disable_background_image=&#8221;1024&#8243; vertical_lines=&#8221;yes&#8221; animated_text_position=&#8221;right&#8221; disable_animated_text=&#8221;&#8221; animated_text=&#8221;racing&#8221; animated_text_color=&#8221;#f5f5f5&#8243; css=&#8221;.vc_custom_1775116179676{padding-bottom: 125px !important;}&#8221;][vc_column css=&#8221;.vc_custom_1569240237669{padding-top: 0px !important;padding-bottom: 5px !important;}&#8221;][vc_column_text]<\/p>\n<h2>PORSCHE SIXT CARRERA CUP DEUTSCHLAND <a href=\"https:\/\/motorsports.porsche.com\/germany\/de\/category\/carreracup\" target=\"_blank\" rel=\"noopener\">www.motorsports.porsche.com<\/a><\/h2>\n<p><a href=\"https:\/\/motorsports.porsche.com\/\" target=\"_blank\" rel=\"noopener\"><img loading=\"lazy\" decoding=\"async\" class=\"alignnone size-full wp-image-7066\" src=\"https:\/\/cjb-racing.de\/wp-content\/uploads\/2024\/05\/PORSCHE-sixt-carrera-cup-deutschland.jpg\" alt=\"\" width=\"275\" height=\"109\"><\/a><\/p>\n<p><a href=\"https:\/\/cjb-racing.de\/wp-content\/uploads\/2024\/09\/PSCCD_Seasonguide_2024_170724-1.pdf\" target=\"_blank\" rel=\"noopener\"><strong>PORSCHE SIXT CARRERA CUP DEUTSCHLAND<\/strong> SEASON GUIDE 2024<\/a><\/p>\n<p><a href=\"https:\/\/cjb-racing.de\/wp-content\/uploads\/2024\/09\/PSCCD_Seasonguide_2024_170724-1.pdf\" target=\"_blank\" rel=\"noopener\"><img loading=\"lazy\" decoding=\"async\" class=\"alignnone size-full wp-image-7342\" src=\"https:\/\/cjb-racing.de\/wp-content\/uploads\/2024\/09\/porsche-carreara-cup-deutschland-season-guide-2024.jpg\" alt=\"\" width=\"857\" height=\"743\" srcset=\"https:\/\/cjb-racing.de\/wp-content\/uploads\/2024\/09\/porsche-carreara-cup-deutschland-season-guide-2024.jpg 857w, https:\/\/cjb-racing.de\/wp-content\/uploads\/2024\/09\/porsche-carreara-cup-deutschland-season-guide-2024-300x260.jpg 300w, https:\/\/cjb-racing.de\/wp-content\/uploads\/2024\/09\/porsche-carreara-cup-deutschland-season-guide-2024-768x666.jpg 768w\" sizes=\"auto, (max-width: 857px) 100vw, 857px\" \/><\/a>[\/vc_column_text][\/vc_column][\/vc_row][vc_row disable_element=&#8221;yes&#8221; row_content_width=&#8221;grid&#8221; disable_background_image=&#8221;1024&#8243; vertical_lines=&#8221;yes&#8221; animated_text_position=&#8221;right&#8221; disable_animated_text=&#8221;&#8221; animated_text=&#8221;racing&#8221; animated_text_color=&#8221;#f5f5f5&#8243; css=&#8221;.vc_custom_1775116186686{margin-top: -80px !important;padding-bottom: 125px !important;}&#8221;][vc_column css=&#8221;.vc_custom_1569240237669{padding-top: 0px !important;padding-bottom: 5px !important;}&#8221;][vc_column_text]<\/p>\n<h2 class=\"ce-headline-center\">\u00dcber die Serie<\/h2>\n<p>Die Idee, einen Markenpokal mit dem 911 auszutragen, verwirklichte Porsche erstmals im Jahr 1990. Seitdem hat der Carrera Cup sich als prestigetr\u00e4chtige Meisterschaft etabliert. Mit spannenden Rennen in einem professionellen Umfeld bietet der Porsche Carrera Cup Deutschland ein intensives und abwechslungsreiches Erlebnis f\u00fcr alle Teilnehmer, Zuschauer, G\u00e4ste und Partner. Der \u00e4lteste Markenpokal der Welt steht f\u00fcr spannende Sprints und beinharte Duelle bei technischer Chancengleichheit.&nbsp;[\/vc_column_text][vc_row_inner row_content_width=&#8221;grid&#8221;][vc_column_inner width=&#8221;1\/2&#8243; css=&#8221;.vc_custom_1567499344778{padding-top: 0px !important;padding-bottom: 0px !important;}&#8221;][vc_column_text]<\/p>\n<h2 class=\"ce-headline-center\">Die Saison 2023<\/h2>\n<p>Der Porsche Carrera Cup Deutschland startet auf dem legend\u00e4ren Circuit de Spa- Francorchamps in seine 34. Saison \u2013 f\u00fcr den Markenpokal der Auftakt in ein spannendes Motorsportjahr. 32 Fahrer sind bei zehn Teams eingeschrieben.<\/p>\n<p>Au\u00dferdem kommt erneut der Porsche 911 GT3 Cup zum Einsatz. Das Cup-Fahrzeug leistet 510 PS und ist die erste Rennversion auf Basis der aktuellen Elfer-Generation 992. Neben den L\u00e4ufen bei der FIA WEC komplettieren sechs Events der DTM sowie eine Veranstaltung im Rahmen des &#8220;Festival of Dreams&#8221; den Rennkalender 2023.[\/vc_column_text][\/vc_column_inner][vc_column_inner width=&#8221;1\/2&#8243;][vc_column_text]<img loading=\"lazy\" decoding=\"async\" class=\"alignnone size-full wp-image-7061\" src=\"https:\/\/cjb-racing.de\/wp-content\/uploads\/2024\/05\/porsche-carreara-cup-deutschland-colin-jamie-boenighausen.jpg\" alt=\"\" width=\"1200\" height=\"612\" srcset=\"https:\/\/cjb-racing.de\/wp-content\/uploads\/2024\/05\/porsche-carreara-cup-deutschland-colin-jamie-boenighausen.jpg 1200w, https:\/\/cjb-racing.de\/wp-content\/uploads\/2024\/05\/porsche-carreara-cup-deutschland-colin-jamie-boenighausen-300x153.jpg 300w, https:\/\/cjb-racing.de\/wp-content\/uploads\/2024\/05\/porsche-carreara-cup-deutschland-colin-jamie-boenighausen-1024x522.jpg 1024w, https:\/\/cjb-racing.de\/wp-content\/uploads\/2024\/05\/porsche-carreara-cup-deutschland-colin-jamie-boenighausen-768x392.jpg 768w\" sizes=\"auto, (max-width: 1200px) 100vw, 1200px\" \/>[\/vc_column_text][\/vc_column_inner][\/vc_row_inner][vc_row_inner row_content_width=&#8221;grid&#8221;][vc_column_inner width=&#8221;1\/2&#8243; css=&#8221;.vc_custom_1567499344778{padding-top: 0px !important;padding-bottom: 0px !important;}&#8221;][vc_column_text]<img loading=\"lazy\" decoding=\"async\" class=\"alignnone size-full wp-image-7063\" src=\"https:\/\/cjb-racing.de\/wp-content\/uploads\/2024\/05\/porsche-carreara-cup-deutschland-colin-jamie-boenighausen2.jpg\" alt=\"\" width=\"1200\" height=\"613\" srcset=\"https:\/\/cjb-racing.de\/wp-content\/uploads\/2024\/05\/porsche-carreara-cup-deutschland-colin-jamie-boenighausen2.jpg 1200w, https:\/\/cjb-racing.de\/wp-content\/uploads\/2024\/05\/porsche-carreara-cup-deutschland-colin-jamie-boenighausen2-300x153.jpg 300w, https:\/\/cjb-racing.de\/wp-content\/uploads\/2024\/05\/porsche-carreara-cup-deutschland-colin-jamie-boenighausen2-1024x523.jpg 1024w, https:\/\/cjb-racing.de\/wp-content\/uploads\/2024\/05\/porsche-carreara-cup-deutschland-colin-jamie-boenighausen2-768x392.jpg 768w\" sizes=\"auto, (max-width: 1200px) 100vw, 1200px\" \/>[\/vc_column_text][\/vc_column_inner][vc_column_inner width=&#8221;1\/2&#8243;][vc_column_text]<\/p>\n<h2 class=\"ce-headline-center\">Elektrisierende Performance<\/h2>\n<p>In der Saison 2020 begann im Porsche Carrera Cup Deutschland eine neue \u00c4ra: Erstmals setzte der nationale Markenpokal auf ein vollelektrisches Safety-Car. Auch dieses Jahr ist im Carrera Cup ein Elektro-Fahrzeug am Start \u2013 der Porsche Taycan Turbo S. Das Safety-Car beschleunigt mit bis zu 761 PS Overboost-Leistung bei Launch Control in 2,8 Sekunden von 0 auf 100 km\/h \u2013 perfekt f\u00fcr die Rennstrecke!<\/p>\n<p>Der Taycan Turbo S besitzt zwei besonders effiziente E-Maschinen an Vorder- und Hinterachse, verf\u00fcgt also \u00fcber Allradantrieb. Vom hohen Wirkungsgrad der permanent erregten Synchronmaschinen profitieren sowohl die Reichweite als auch die Dauerleistung des Antriebs. Das an der Hinterachse verbaute Zweigang-Getriebe ist eine von Porsche entwickelte Innovation: Der erste Gang verschafft dem Taycan eine noch st\u00e4rkere Beschleunigung vom Start weg, w\u00e4hrend der lang \u00fcbersetzte zweite Gang eine hohe Effizienz und ebensolche Leistungsreserven sicherstellt.<\/p>\n<p>Mehr Informationen erhalten Sie unter:<\/p>\n<p><a href=\"https:\/\/motorsports.porsche.com\/\" target=\"_blank\" rel=\"noopener\"><img loading=\"lazy\" decoding=\"async\" class=\"alignnone size-full wp-image-7066\" src=\"https:\/\/cjb-racing.de\/wp-content\/uploads\/2024\/05\/PORSCHE-sixt-carrera-cup-deutschland.jpg\" alt=\"\" width=\"275\" height=\"109\"><\/a><br \/>\n<strong>INTERNET:<\/strong> <a href=\"https:\/\/motorsports.porsche.com\/germany\/de\/\" target=\"_blank\" rel=\"noopener\">www.motorsports.porsche.com<\/a>[\/vc_column_text][\/vc_column_inner][\/vc_row_inner][\/vc_column][\/vc_row][vc_row disable_element=&#8221;yes&#8221; row_content_width=&#8221;grid&#8221; disable_background_image=&#8221;1024&#8243; vertical_lines=&#8221;yes&#8221; animated_text_position=&#8221;right&#8221; disable_animated_text=&#8221;&#8221; animated_text=&#8221;racing&#8221; animated_text_color=&#8221;#f5f5f5&#8243; css=&#8221;.vc_custom_1775116194297{padding-bottom: 125px !important;}&#8221;][vc_column css=&#8221;.vc_custom_1569240237669{padding-top: 0px !important;padding-bottom: 5px !important;}&#8221;][vc_column_text]<\/p>\n<h2>PORSCHE CARRERA CUP www.<a href=\"https:\/\/motorsports.porsche.com\/germany\/de\/category\/carreracup\" target=\"_blank\" rel=\"noopener\">motorsports.porsche.com<\/a><\/h2>\n<p><a href=\"https:\/\/motorsports.porsche.com\/germany\/de\/category\/carreracup\" target=\"_blank\" rel=\"noopener\"><img loading=\"lazy\" decoding=\"async\" class=\"alignnone size-full wp-image-5557\" src=\"https:\/\/cjb-racing.de\/wp-content\/uploads\/2023\/02\/porsche-motorsport.jpg\" alt=\"\" width=\"156\" height=\"41\"><\/a><img loading=\"lazy\" decoding=\"async\" class=\"alignnone size-full wp-image-5559\" src=\"https:\/\/cjb-racing.de\/wp-content\/uploads\/2023\/02\/911.jpg\" alt=\"\" width=\"1301\" height=\"731\" srcset=\"https:\/\/cjb-racing.de\/wp-content\/uploads\/2023\/02\/911.jpg 1301w, https:\/\/cjb-racing.de\/wp-content\/uploads\/2023\/02\/911-300x169.jpg 300w, https:\/\/cjb-racing.de\/wp-content\/uploads\/2023\/02\/911-1024x575.jpg 1024w, https:\/\/cjb-racing.de\/wp-content\/uploads\/2023\/02\/911-768x432.jpg 768w\" sizes=\"auto, (max-width: 1301px) 100vw, 1301px\" \/>[\/vc_column_text][\/vc_column][\/vc_row][vc_row disable_element=&#8221;yes&#8221; row_content_width=&#8221;grid&#8221; disable_background_image=&#8221;1024&#8243; vertical_lines=&#8221;yes&#8221; animated_text_position=&#8221;right&#8221; disable_animated_text=&#8221;&#8221; animated_text=&#8221;racing&#8221; animated_text_color=&#8221;#f5f5f5&#8243; css=&#8221;.vc_custom_1775116210236{margin-top: -80px !important;padding-bottom: 125px !important;}&#8221;][vc_column css=&#8221;.vc_custom_1569240237669{padding-top: 0px !important;padding-bottom: 5px !important;}&#8221;][vc_column_text]<\/p>\n<h2 class=\"ce-headline-center\">\u00dcber die Serie<\/h2>\n<p>Die Idee, einen Markenpokal mit dem 911 auszutragen, verwirklichte Porsche erstmals im Jahr 1990. Seitdem hat der Carrera Cup sich als prestigetr\u00e4chtige Meisterschaft etabliert.&nbsp;[\/vc_column_text][vc_row_inner row_content_width=&#8221;grid&#8221;][vc_column_inner width=&#8221;1\/2&#8243; css=&#8221;.vc_custom_1567499344778{padding-top: 0px !important;padding-bottom: 0px !important;}&#8221;][vc_column_text]<\/p>\n<h2 class=\"ce-headline-center\">Weltklasse Performance<\/h2>\n<p>Mit spannenden Rennen in einem professionellen Umfeld bietet der Porsche Carrera Cup Deutschland ein intensives und abwechslungsreiches Erlebnis f\u00fcr alle Teilnehmer, Zuschauer, G\u00e4ste und Partner. Der \u00e4lteste Markenpokal der Welt steht f\u00fcr spannende Sprints und beinharte Duelle bei technischer Chancengleichheit.<\/p>\n<p>Auch in der Saison 2023 setzt der Porsche Carrera Cup Deutschland auf eine umfangreiche Nachwuchsf\u00f6rderung und positioniert sich damit konsequent als Ausbildungsplattform f\u00fcr aufstrebende Rennfahrer auf deren Weg in den professionellen Motorsport.[\/vc_column_text][\/vc_column_inner][vc_column_inner width=&#8221;1\/2&#8243;][vc_column_text]<img loading=\"lazy\" decoding=\"async\" class=\"alignnone size-full wp-image-5565\" src=\"https:\/\/cjb-racing.de\/wp-content\/uploads\/2023\/02\/Image36.jpg\" alt=\"\" width=\"800\" height=\"450\" srcset=\"https:\/\/cjb-racing.de\/wp-content\/uploads\/2023\/02\/Image36.jpg 800w, https:\/\/cjb-racing.de\/wp-content\/uploads\/2023\/02\/Image36-300x169.jpg 300w, https:\/\/cjb-racing.de\/wp-content\/uploads\/2023\/02\/Image36-768x432.jpg 768w\" sizes=\"auto, (max-width: 800px) 100vw, 800px\" \/>[\/vc_column_text][\/vc_column_inner][\/vc_row_inner][vc_row_inner row_content_width=&#8221;grid&#8221;][vc_column_inner width=&#8221;1\/2&#8243; css=&#8221;.vc_custom_1567499344778{padding-top: 0px !important;padding-bottom: 0px !important;}&#8221;][vc_column_text]<img loading=\"lazy\" decoding=\"async\" class=\"alignnone size-full wp-image-5563\" src=\"https:\/\/cjb-racing.de\/wp-content\/uploads\/2023\/02\/911-3.jpg\" alt=\"\" width=\"800\" height=\"450\" srcset=\"https:\/\/cjb-racing.de\/wp-content\/uploads\/2023\/02\/911-3.jpg 800w, https:\/\/cjb-racing.de\/wp-content\/uploads\/2023\/02\/911-3-300x169.jpg 300w, https:\/\/cjb-racing.de\/wp-content\/uploads\/2023\/02\/911-3-768x432.jpg 768w\" sizes=\"auto, (max-width: 800px) 100vw, 800px\" \/>[\/vc_column_text][\/vc_column_inner][vc_column_inner width=&#8221;1\/2&#8243;][vc_column_text]<\/p>\n<h2 class=\"ce-headline-center\">Der Talent Pool<\/h2>\n<p>Das Talent-Pool-Programm z\u00e4hlt bereits seit 2018 fest zum Carrera Cup und setzt sich neben Fitnesstests auch aus Mental- sowie Medientrainings zusammen. Au\u00dferdem erhalten die Youngster professionelle Unterst\u00fctzung vom ehemaligen Porsche-Werkspiloten Wolf Henzler, der als Coach bei jedem Event vor Ort ist.<\/p>\n<p>Mehr Informationen erhalten Sie unter:<\/p>\n<p><a href=\"https:\/\/motorsports.porsche.com\/germany\/de\/\" target=\"_blank\" rel=\"noopener\"><img loading=\"lazy\" decoding=\"async\" class=\"alignnone size-full wp-image-5557\" src=\"https:\/\/cjb-racing.de\/wp-content\/uploads\/2023\/02\/porsche-motorsport.jpg\" alt=\"\" width=\"156\" height=\"41\"><\/a><br \/>\n<strong>INTERNET:<\/strong> <a href=\"https:\/\/motorsports.porsche.com\/germany\/de\/\" target=\"_blank\" rel=\"noopener\">www.motorsports.porsche.com<\/a>[\/vc_column_text][\/vc_column_inner][\/vc_row_inner][\/vc_column][\/vc_row]<\/p>\n","protected":false},"excerpt":{"rendered":"<p>[vc_row row_content_width=&#8221;grid&#8221; disable_background_image=&#8221;1024&#8243; vertical_lines=&#8221;yes&#8221; animated_text_position=&#8221;right&#8221; disable_animated_text=&#8221;&#8221; animated_text=&#8221;racing&#8221; animated_text_color=&#8221;#f5f5f5&#8243; css=&#8221;.vc_custom_1592411408192{padding-bottom: 125px !important;}&#8221;][vc_column css=&#8221;.vc_custom_1569240237669{padding-top: 0px !important;padding-bottom: 5px !important;}&#8221;][vc_column_text] ADAC GT MASTERS \u2022 ADAC-MOTORSPORT.DE &nbsp;[\/vc_column_text][\/vc_column][\/vc_row][vc_row row_content_width=&#8221;grid&#8221; disable_background_image=&#8221;1024&#8243; vertical_lines=&#8221;yes&#8221; animated_text_position=&#8221;right&#8221; disable_animated_text=&#8221;&#8221; animated_text=&#8221;racing&#8221; animated_text_color=&#8221;#f5f5f5&#8243; css=&#8221;.vc_custom_1592392406042{margin-top: -80px !important;padding-bottom: 125px !important;}&#8221;][vc_column css=&#8221;.vc_custom_1569240237669{padding-top: 0px !important;padding-bottom: 5px !important;}&#8221;][vc_column_text] The ADAC GT Masters The driver line-up in the ADAC GT Masters [&hellip;]<\/p>\n","protected":false},"author":101019,"featured_media":0,"parent":0,"menu_order":0,"comment_status":"closed","ping_status":"closed","template":"full-width.php","meta":{"_monsterinsights_skip_tracking":false,"_monsterinsights_sitenote_active":false,"_monsterinsights_sitenote_note":"","_monsterinsights_sitenote_category":0,"ngg_post_thumbnail":0,"footnotes":""},"class_list":["post-4960","page","type-page","status-publish","hentry"],"yoast_head":"<!-- This site is optimized with the Yoast SEO plugin v24.9 - https:\/\/yoast.com\/wordpress\/plugins\/seo\/ -->\n<title>Porsche Carrera Cup Middle East (PCCME)<\/title>\n<meta name=\"description\" content=\"In the Porsche Carrera Cup Middle East, which is being held for the first time this winter, drivers from three continents compete to crown the winter champion.\" \/>\n<meta name=\"robots\" content=\"index, follow, max-snippet:-1, max-image-preview:large, max-video-preview:-1\" \/>\n<link rel=\"canonical\" href=\"https:\/\/cjb-racing.de\/en\/porsche-sprint-challenge-central-europe\/\" \/>\n<meta property=\"og:locale\" content=\"en_US\" \/>\n<meta property=\"og:type\" content=\"article\" \/>\n<meta property=\"og:title\" content=\"Porsche Carrera Cup Middle East (PCCME)\" \/>\n<meta property=\"og:description\" content=\"In the Porsche Carrera Cup Middle East, which is being held for the first time this winter, drivers from three continents compete to crown the winter champion.\" \/>\n<meta property=\"og:url\" content=\"https:\/\/cjb-racing.de\/en\/porsche-sprint-challenge-central-europe\/\" \/>\n<meta property=\"og:site_name\" content=\"CJB - OFFICIAL WEBSITE\" \/>\n<meta property=\"article:publisher\" content=\"https:\/\/www.facebook.com\/ColinBoenighausen\" \/>\n<meta property=\"article:modified_time\" content=\"2026-04-26T16:22:38+00:00\" \/>\n<meta property=\"og:image\" content=\"https:\/\/cjb-racing.de\/wp-content\/uploads\/2023\/11\/porsche-carrera-cup-middle-east-1.jpg\" \/>\n\t<meta property=\"og:image:width\" content=\"2048\" \/>\n\t<meta property=\"og:image:height\" content=\"1366\" \/>\n\t<meta property=\"og:image:type\" content=\"image\/jpeg\" \/>\n<meta name=\"twitter:card\" content=\"summary_large_image\" \/>\n<meta name=\"twitter:title\" content=\"Porsche Carrera Cup Middle East (PCCME)\" \/>\n<meta name=\"twitter:description\" content=\"In the Porsche Carrera Cup Middle East, which is being held for the first time this winter, drivers from three continents compete to crown the winter champion.\" \/>\n<meta name=\"twitter:image\" content=\"https:\/\/cjb-racing.de\/wp-content\/uploads\/2023\/11\/porsche-carrera-cup-middle-east-1.jpg\" \/>\n<meta name=\"twitter:label1\" content=\"Est. reading time\" \/>\n\t<meta name=\"twitter:data1\" content=\"11 minutes\" \/>\n<script type=\"application\/ld+json\" class=\"yoast-schema-graph\">{\"@context\":\"https:\/\/schema.org\",\"@graph\":[{\"@type\":\"WebPage\",\"@id\":\"https:\/\/cjb-racing.de\/en\/porsche-sprint-challenge-central-europe\/\",\"url\":\"https:\/\/cjb-racing.de\/en\/porsche-sprint-challenge-central-europe\/\",\"name\":\"Porsche Carrera Cup Middle East (PCCME)\",\"isPartOf\":{\"@id\":\"https:\/\/cjb-racing.de\/#website\"},\"primaryImageOfPage\":{\"@id\":\"https:\/\/cjb-racing.de\/en\/porsche-sprint-challenge-central-europe\/#primaryimage\"},\"image\":{\"@id\":\"https:\/\/cjb-racing.de\/en\/porsche-sprint-challenge-central-europe\/#primaryimage\"},\"thumbnailUrl\":\"https:\/\/cjb-racing.de\/wp-content\/uploads\/2025\/08\/ADAC_GT_Masters_Logo_2020.png\",\"datePublished\":\"2022-08-08T10:18:25+00:00\",\"dateModified\":\"2026-04-26T16:22:38+00:00\",\"description\":\"In the Porsche Carrera Cup Middle East, which is being held for the first time this winter, drivers from three continents compete to crown the winter champion.\",\"breadcrumb\":{\"@id\":\"https:\/\/cjb-racing.de\/en\/porsche-sprint-challenge-central-europe\/#breadcrumb\"},\"inLanguage\":\"en-US\",\"potentialAction\":[{\"@type\":\"ReadAction\",\"target\":[\"https:\/\/cjb-racing.de\/en\/porsche-sprint-challenge-central-europe\/\"]}]},{\"@type\":\"ImageObject\",\"inLanguage\":\"en-US\",\"@id\":\"https:\/\/cjb-racing.de\/en\/porsche-sprint-challenge-central-europe\/#primaryimage\",\"url\":\"https:\/\/cjb-racing.de\/wp-content\/uploads\/2025\/08\/ADAC_GT_Masters_Logo_2020.png\",\"contentUrl\":\"https:\/\/cjb-racing.de\/wp-content\/uploads\/2025\/08\/ADAC_GT_Masters_Logo_2020.png\"},{\"@type\":\"BreadcrumbList\",\"@id\":\"https:\/\/cjb-racing.de\/en\/porsche-sprint-challenge-central-europe\/#breadcrumb\",\"itemListElement\":[{\"@type\":\"ListItem\",\"position\":1,\"name\":\"Startseite\",\"item\":\"https:\/\/cjb-racing.de\/en\/\"},{\"@type\":\"ListItem\",\"position\":2,\"name\":\"SPORT\"}]},{\"@type\":\"WebSite\",\"@id\":\"https:\/\/cjb-racing.de\/#website\",\"url\":\"https:\/\/cjb-racing.de\/\",\"name\":\"COLIN JAMIE B\u00d6NIGHAUSEN - OFFICIAL WEBSEITE\",\"description\":\"PORSCHE MOTORSPORT\",\"publisher\":{\"@id\":\"https:\/\/cjb-racing.de\/#organization\"},\"potentialAction\":[{\"@type\":\"SearchAction\",\"target\":{\"@type\":\"EntryPoint\",\"urlTemplate\":\"https:\/\/cjb-racing.de\/?s={search_term_string}\"},\"query-input\":{\"@type\":\"PropertyValueSpecification\",\"valueRequired\":true,\"valueName\":\"search_term_string\"}}],\"inLanguage\":\"en-US\"},{\"@type\":\"Organization\",\"@id\":\"https:\/\/cjb-racing.de\/#organization\",\"name\":\"https:\/\/cjb-racing.de\",\"url\":\"https:\/\/cjb-racing.de\/\",\"logo\":{\"@type\":\"ImageObject\",\"inLanguage\":\"en-US\",\"@id\":\"https:\/\/cjb-racing.de\/#\/schema\/logo\/image\/\",\"url\":\"https:\/\/cjb-racing.de\/wp-content\/uploads\/2020\/06\/sticky.png\",\"contentUrl\":\"https:\/\/cjb-racing.de\/wp-content\/uploads\/2020\/06\/sticky.png\",\"width\":80,\"height\":59,\"caption\":\"https:\/\/cjb-racing.de\"},\"image\":{\"@id\":\"https:\/\/cjb-racing.de\/#\/schema\/logo\/image\/\"},\"sameAs\":[\"https:\/\/www.facebook.com\/ColinBoenighausen\"]}]}<\/script>\n<!-- \/ Yoast SEO plugin. -->","yoast_head_json":{"title":"Porsche Carrera Cup Middle East (PCCME)","description":"In the Porsche Carrera Cup Middle East, which is being held for the first time this winter, drivers from three continents compete to crown the winter champion.","robots":{"index":"index","follow":"follow","max-snippet":"max-snippet:-1","max-image-preview":"max-image-preview:large","max-video-preview":"max-video-preview:-1"},"canonical":"https:\/\/cjb-racing.de\/en\/porsche-sprint-challenge-central-europe\/","og_locale":"en_US","og_type":"article","og_title":"Porsche Carrera Cup Middle East (PCCME)","og_description":"In the Porsche Carrera Cup Middle East, which is being held for the first time this winter, drivers from three continents compete to crown the winter champion.","og_url":"https:\/\/cjb-racing.de\/en\/porsche-sprint-challenge-central-europe\/","og_site_name":"CJB - OFFICIAL WEBSITE","article_publisher":"https:\/\/www.facebook.com\/ColinBoenighausen","article_modified_time":"2026-04-26T16:22:38+00:00","og_image":[{"width":2048,"height":1366,"url":"https:\/\/cjb-racing.de\/wp-content\/uploads\/2023\/11\/porsche-carrera-cup-middle-east-1.jpg","type":"image\/jpeg"}],"twitter_card":"summary_large_image","twitter_title":"Porsche Carrera Cup Middle East (PCCME)","twitter_description":"In the Porsche Carrera Cup Middle East, which is being held for the first time this winter, drivers from three continents compete to crown the winter champion.","twitter_image":"https:\/\/cjb-racing.de\/wp-content\/uploads\/2023\/11\/porsche-carrera-cup-middle-east-1.jpg","twitter_misc":{"Est. reading time":"11 minutes"},"schema":{"@context":"https:\/\/schema.org","@graph":[{"@type":"WebPage","@id":"https:\/\/cjb-racing.de\/en\/porsche-sprint-challenge-central-europe\/","url":"https:\/\/cjb-racing.de\/en\/porsche-sprint-challenge-central-europe\/","name":"Porsche Carrera Cup Middle East (PCCME)","isPartOf":{"@id":"https:\/\/cjb-racing.de\/#website"},"primaryImageOfPage":{"@id":"https:\/\/cjb-racing.de\/en\/porsche-sprint-challenge-central-europe\/#primaryimage"},"image":{"@id":"https:\/\/cjb-racing.de\/en\/porsche-sprint-challenge-central-europe\/#primaryimage"},"thumbnailUrl":"https:\/\/cjb-racing.de\/wp-content\/uploads\/2025\/08\/ADAC_GT_Masters_Logo_2020.png","datePublished":"2022-08-08T10:18:25+00:00","dateModified":"2026-04-26T16:22:38+00:00","description":"In the Porsche Carrera Cup Middle East, which is being held for the first time this winter, drivers from three continents compete to crown the winter champion.","breadcrumb":{"@id":"https:\/\/cjb-racing.de\/en\/porsche-sprint-challenge-central-europe\/#breadcrumb"},"inLanguage":"en-US","potentialAction":[{"@type":"ReadAction","target":["https:\/\/cjb-racing.de\/en\/porsche-sprint-challenge-central-europe\/"]}]},{"@type":"ImageObject","inLanguage":"en-US","@id":"https:\/\/cjb-racing.de\/en\/porsche-sprint-challenge-central-europe\/#primaryimage","url":"https:\/\/cjb-racing.de\/wp-content\/uploads\/2025\/08\/ADAC_GT_Masters_Logo_2020.png","contentUrl":"https:\/\/cjb-racing.de\/wp-content\/uploads\/2025\/08\/ADAC_GT_Masters_Logo_2020.png"},{"@type":"BreadcrumbList","@id":"https:\/\/cjb-racing.de\/en\/porsche-sprint-challenge-central-europe\/#breadcrumb","itemListElement":[{"@type":"ListItem","position":1,"name":"Startseite","item":"https:\/\/cjb-racing.de\/en\/"},{"@type":"ListItem","position":2,"name":"SPORT"}]},{"@type":"WebSite","@id":"https:\/\/cjb-racing.de\/#website","url":"https:\/\/cjb-racing.de\/","name":"COLIN JAMIE B\u00d6NIGHAUSEN - OFFICIAL WEBSEITE","description":"PORSCHE MOTORSPORT","publisher":{"@id":"https:\/\/cjb-racing.de\/#organization"},"potentialAction":[{"@type":"SearchAction","target":{"@type":"EntryPoint","urlTemplate":"https:\/\/cjb-racing.de\/?s={search_term_string}"},"query-input":{"@type":"PropertyValueSpecification","valueRequired":true,"valueName":"search_term_string"}}],"inLanguage":"en-US"},{"@type":"Organization","@id":"https:\/\/cjb-racing.de\/#organization","name":"https:\/\/cjb-racing.de","url":"https:\/\/cjb-racing.de\/","logo":{"@type":"ImageObject","inLanguage":"en-US","@id":"https:\/\/cjb-racing.de\/#\/schema\/logo\/image\/","url":"https:\/\/cjb-racing.de\/wp-content\/uploads\/2020\/06\/sticky.png","contentUrl":"https:\/\/cjb-racing.de\/wp-content\/uploads\/2020\/06\/sticky.png","width":80,"height":59,"caption":"https:\/\/cjb-racing.de"},"image":{"@id":"https:\/\/cjb-racing.de\/#\/schema\/logo\/image\/"},"sameAs":["https:\/\/www.facebook.com\/ColinBoenighausen"]}]}},"_links":{"self":[{"href":"https:\/\/cjb-racing.de\/en\/wp-json\/wp\/v2\/pages\/4960","targetHints":{"allow":["GET"]}}],"collection":[{"href":"https:\/\/cjb-racing.de\/en\/wp-json\/wp\/v2\/pages"}],"about":[{"href":"https:\/\/cjb-racing.de\/en\/wp-json\/wp\/v2\/types\/page"}],"author":[{"embeddable":true,"href":"https:\/\/cjb-racing.de\/en\/wp-json\/wp\/v2\/users\/101019"}],"replies":[{"embeddable":true,"href":"https:\/\/cjb-racing.de\/en\/wp-json\/wp\/v2\/comments?post=4960"}],"version-history":[{"count":15,"href":"https:\/\/cjb-racing.de\/en\/wp-json\/wp\/v2\/pages\/4960\/revisions"}],"predecessor-version":[{"id":8571,"href":"https:\/\/cjb-racing.de\/en\/wp-json\/wp\/v2\/pages\/4960\/revisions\/8571"}],"wp:attachment":[{"href":"https:\/\/cjb-racing.de\/en\/wp-json\/wp\/v2\/media?parent=4960"}],"curies":[{"name":"wp","href":"https:\/\/api.w.org\/{rel}","templated":true}]}}